{"id":338,"date":"2018-03-01T07:26:45","date_gmt":"2018-03-01T07:26:45","guid":{"rendered":"http:\/\/www.artesaniadelarioja.org\/conservas-juker\/?post_type=product&#038;p=338"},"modified":"2025-04-23T07:16:57","modified_gmt":"2025-04-23T07:16:57","slug":"caldo-de-verduras","status":"publish","type":"product","link":"https:\/\/www.artesaniadelarioja.org\/conservas-juker\/producto\/caldo-de-verduras\/","title":{"rendered":"Caldo de Verduras 785ml"},"content":{"rendered":"<p><span style=\"text-decoration: underline;\">Ingredientes:<\/span>\u00a0Agua, jud\u00eda verde (8%), puerro (3%), cebolla (3%), patata (1,5%), calabac\u00edn (1,5%), zanahoria (1,5%), espinaca (1,5%), garbanzo, sal y aceite de oliva.<\/p>\n<p>Puede contener trazas de: <strong>LACTEOS, SULFITOS,<\/strong><strong> PESCADO <\/strong>y<strong> CRUSTACEO<\/strong><\/p>\n<p><span style=\"text-decoration: underline;\">Envase:<\/span> 785ml\u00a0 \/\u00a0 <span style=\"text-decoration: underline;\">Peso neto:<\/span> 750g<\/p>\n<p><span style=\"text-decoration: underline;\">Valores nutricionales medios por 100g de producto:<\/span> Valor energ\u00e9tico:\u00a0 10,2 KJ \u2013 2,4Kcal\u00a0 <span style=\"color: #ff9900;\">\/\/<\/span>\u00a0 Grasas: &lt;0,50g. de las cuales saturadas: 0g\u00a0<span style=\"color: #ff9900;\"> \/\/\u00a0<\/span> Hidratos de Carbono: 0,6g de los cuales az\u00facares: &lt;0,50g\u00a0 <span style=\"color: #ff9900;\">\/\/\u00a0<\/span> Fibra Alimentaria: &lt;0,50g\u00a0<span style=\"color: #ff9900;\"> \/\/<\/span> Prote\u00ednas: &lt;0,50g\u00a0 <span style=\"color: #ff9900;\">\/\/\u00a0<\/span> Sal: 0,30g<\/p>\n<p><span style=\"text-decoration: underline;\">Almacenamiento y conservaci\u00f3n:<\/span> Antes de abrir: evitar golpes que provoquen perdida del vac\u00edo. Proteger de la humedad, de la luz directa del sol y temperaturas extremas. Despu\u00e9s de abrir: conservar refrigerado y consumir en un plazo de cuatro d\u00edas.<\/p>\n<p>Caldo elaborado con una cuidada selecci\u00f3n de las mejores verduras frescas de la huerta riojana y navarra.<\/p>\n","protected":false},"excerpt":{"rendered":"<p>Ingredientes:\u00a0Agua, jud\u00eda verde (8%), puerro (3%), cebolla (3%), patata (1,5%), calabac\u00edn (1,5%), zanahoria (1,5%), espinaca (1,5%), garbanzo, sal y aceite de oliva. Puede contener trazas de: LACTEOS, SULFITOS, PESCADO y CRUSTACEO Envase: 785ml\u00a0 \/\u00a0 Peso neto: 750g Valores nutricionales medios por 100g de producto: Valor energ\u00e9tico:\u00a0 10,2 KJ \u2013 2,4Kcal\u00a0 \/\/\u00a0 Grasas: &lt;0,50g. de las [&hellip;]<\/p>\n","protected":false},"featured_media":412,"comment_status":"open","ping_status":"closed","template":"","meta":[],"product_cat":[13],"product_tag":[131,34,28],"class_list":["post-338","product","type-product","status-publish","has-post-thumbnail","hentry","product_cat-salsas-caldos","product_tag-785ml","product_tag-caldo","product_tag-verduras"],"_links":{"self":[{"href":"https:\/\/www.artesaniadelarioja.org\/conservas-juker\/wp-json\/wp\/v2\/product\/338","targetHints":{"allow":["GET"]}}],"collection":[{"href":"https:\/\/www.artesaniadelarioja.org\/conservas-juker\/wp-json\/wp\/v2\/product"}],"about":[{"href":"https:\/\/www.artesaniadelarioja.org\/conservas-juker\/wp-json\/wp\/v2\/types\/product"}],"replies":[{"embeddable":true,"href":"https:\/\/www.artesaniadelarioja.org\/conservas-juker\/wp-json\/wp\/v2\/comments?post=338"}],"wp:featuredmedia":[{"embeddable":true,"href":"https:\/\/www.artesaniadelarioja.org\/conservas-juker\/wp-json\/wp\/v2\/media\/412"}],"wp:attachment":[{"href":"https:\/\/www.artesaniadelarioja.org\/conservas-juker\/wp-json\/wp\/v2\/media?parent=338"}],"wp:term":[{"taxonomy":"product_cat","embeddable":true,"href":"https:\/\/www.artesaniadelarioja.org\/conservas-juker\/wp-json\/wp\/v2\/product_cat?post=338"},{"taxonomy":"product_tag","embeddable":true,"href":"https:\/\/www.artesaniadelarioja.org\/conservas-juker\/wp-json\/wp\/v2\/product_tag?post=338"}],"curies":[{"name":"wp","href":"https:\/\/api.w.org\/{rel}","templated":true}]}}